{"id":350,"date":"2018-03-14T10:39:46","date_gmt":"2018-03-14T09:39:46","guid":{"rendered":"http:\/\/amd-incontinence.com\/espanol\/?page_id=350"},"modified":"2024-10-17T13:14:08","modified_gmt":"2024-10-17T11:14:08","slug":"desarrollo-sostenible","status":"publish","type":"page","link":"https:\/\/amd-incontinence.com\/espanol\/amd\/desarrollo-sostenible\/","title":{"rendered":"Desarrollo sostenible"},"content":{"rendered":"[vc_row type=\u00bbin_container\u00bb full_screen_row_position=\u00bbmiddle\u00bb column_margin=\u00bbdefault\u00bb column_direction=\u00bbdefault\u00bb column_direction_tablet=\u00bbdefault\u00bb column_direction_phone=\u00bbdefault\u00bb scene_position=\u00bbcenter\u00bb text_color=\u00bbdark\u00bb text_align=\u00bbleft\u00bb row_border_radius=\u00bbnone\u00bb row_border_radius_applies=\u00bbbg\u00bb overflow=\u00bbvisible\u00bb class=\u00bbsliderrow\u00bb overlay_strength=\u00bb0.3&#8243; gradient_direction=\u00bbleft_to_right\u00bb shape_divider_position=\u00bbbottom\u00bb bg_image_animation=\u00bbnone\u00bb shape_type=\u00bb\u00bb][vc_column column_padding=\u00bbno-extra-padding\u00bb column_padding_tablet=\u00bbinherit\u00bb column_padding_phone=\u00bbinherit\u00bb column_padding_position=\u00bball\u00bb column_element_direction_desktop=\u00bbdefault\u00bb column_element_spacing=\u00bbdefault\u00bb desktop_text_alignment=\u00bbdefault\u00bb tablet_text_alignment=\u00bbdefault\u00bb phone_text_alignment=\u00bbdefault\u00bb background_color_opacity=\u00bb1&#8243; background_hover_color_opacity=\u00bb1&#8243; column_backdrop_filter=\u00bbnone\u00bb column_shadow=\u00bbnone\u00bb column_border_radius=\u00bbnone\u00bb column_link_target=\u00bb_self\u00bb column_position=\u00bbdefault\u00bb gradient_direction=\u00bbleft_to_right\u00bb overlay_strength=\u00bb0.3&#8243; width=\u00bb1\/1&#8243; tablet_width_inherit=\u00bbdefault\u00bb animation_type=\u00bbdefault\u00bb bg_image_animation=\u00bbnone\u00bb border_type=\u00bbsimple\u00bb column_border_width=\u00bbnone\u00bb column_border_style=\u00bbsolid\u00bb]<div  data-transition=\"slide\" data-overall_style=\"classic\" data-flexible-height=\"\" data-animate-in-effect=\"none\" data-fullscreen=\"false\" data-button-sizing=\"regular\" data-button-styling=\"btn_with_count\" data-autorotate=\"\" data-parallax=\"false\" data-parallax-disable-mobile=\"\" data-caption-trans=\"fade_in_from_bottom\" data-parallax-style=\"bg_only\" data-bg-animation=\"none\" data-full-width=\"false\" class=\"nectar-slider-wrap \" id=\"nectar-slider-instance-1\"><div class=\"swiper-container\"  data-tho=\"auto\" data-tco=\"auto\" data-pho=\"auto\" data-pco=\"auto\" data-loop=\"false\" data-height=\"300\" data-min-height=\"\" data-arrows=\"false\" data-bullets=\"false\" data-bullet_style=\"see_through\" data-bullet_position=\"bottom\" data-desktop-swipe=\"false\" data-settings=\"\"> <div class=\"swiper-wrapper\"><div class=\"swiper-slide slider-nohome\" data-desktop-content-width=\"\" data-tablet-content-width=\"\" data-bg-alignment=\"center\" data-color-scheme=\"light\" data-x-pos=\"centered\" data-y-pos=\"middle\" ><div class=\"slide-bg-wrap\"><div class=\"image-bg\" style=\"background-image: url(https:\/\/amd-incontinence.com\/espanol\/wp-content\/uploads\/sites\/4\/2018\/03\/amd-durable-header.jpg);\"> &nbsp; <\/div><\/div><div class=\"container\">\n\t\t\t\t\t\t<div class=\"content\"><h2 class=\"ns-heading-el\">activ medical disposable<\/h2><p  ><span>Desarrollo sostenible<\/span><\/p><\/div>\n\t\t\t\t\t\t\t\t<\/div><!--\/container--><div class=\"video-texture \"> <span class=\"ie-fix\"><\/span> <\/div><\/div> <!--\/swiper-slide--><\/div><div class=\"nectar-slider-loading \"> <span class=\"loading-icon none\">   <\/span> <\/div> <\/div> \n\t\t\t\t\t\n\t\t\t\t\t<\/div>[\/vc_column][\/vc_row][vc_row type=\u00bbin_container\u00bb full_screen_row_position=\u00bbmiddle\u00bb column_margin=\u00bbdefault\u00bb column_direction=\u00bbdefault\u00bb column_direction_tablet=\u00bbdefault\u00bb column_direction_phone=\u00bbdefault\u00bb scene_position=\u00bbcenter\u00bb top_padding=\u00bb45&#8243; bottom_padding=\u00bb40&#8243; text_color=\u00bbdark\u00bb text_align=\u00bbleft\u00bb row_border_radius=\u00bbnone\u00bb row_border_radius_applies=\u00bbbg\u00bb overflow=\u00bbvisible\u00bb overlay_strength=\u00bb0.3&#8243; gradient_direction=\u00bbleft_to_right\u00bb shape_divider_position=\u00bbbottom\u00bb bg_image_animation=\u00bbnone\u00bb shape_type=\u00bb\u00bb][vc_column column_padding=\u00bbpadding-15-percent\u00bb column_padding_tablet=\u00bbinherit\u00bb column_padding_phone=\u00bbinherit\u00bb column_padding_position=\u00bbleft-right\u00bb column_element_direction_desktop=\u00bbdefault\u00bb column_element_spacing=\u00bbdefault\u00bb desktop_text_alignment=\u00bbdefault\u00bb tablet_text_alignment=\u00bbdefault\u00bb phone_text_alignment=\u00bbdefault\u00bb background_color_opacity=\u00bb1&#8243; background_hover_color_opacity=\u00bb1&#8243; column_backdrop_filter=\u00bbnone\u00bb column_shadow=\u00bbnone\u00bb column_border_radius=\u00bbnone\u00bb column_link_target=\u00bb_self\u00bb column_position=\u00bbdefault\u00bb gradient_direction=\u00bbleft_to_right\u00bb overlay_strength=\u00bb0.3&#8243; width=\u00bb1\/1&#8243; tablet_width_inherit=\u00bbdefault\u00bb animation_type=\u00bbdefault\u00bb bg_image_animation=\u00bbnone\u00bb border_type=\u00bbsimple\u00bb column_border_width=\u00bbnone\u00bb column_border_style=\u00bbsolid\u00bb][vc_custom_heading text=\u00bbEn un mundo que se enfrenta constantemente a los desaf\u00edos ambientales, contribuir en su propia medida y proteger el planeta ya no es una simple declaraci\u00f3n de intenciones: ahora es un imperativo para todos.<br \/>\nY es en este contexto donde se ajusta nuestro enfoque ambiental.\u00bb font_container=\u00bbtag:h3|font_size:20|text_align:center|line_height:22px\u00bb google_fonts=\u00bbfont_family:Roboto%3A100%2C100italic%2C300%2C300italic%2Cregular%2Citalic%2C500%2C500italic%2C700%2C700italic%2C900%2C900italic|font_style:400%20italic%3A400%3Aitalic\u00bb css=\u00bb.vc_custom_1526559067990{margin-bottom: 55px !important;}\u00bb][vc_custom_heading text=\u00bbUNA PLANTA DE PRODUCCI\u00d3N BASADA EN LOS PRINCIPIOS DE ALTA CALIDAD AMBIENTAL\u00bb font_container=\u00bbtag:h2|font_size:24|text_align:left|color:%237e9852|line_height:26px\u00bb google_fonts=\u00bbfont_family:Roboto%3A100%2C100italic%2C300%2C300italic%2Cregular%2Citalic%2C500%2C500italic%2C700%2C700italic%2C900%2C900italic|font_style:400%20regular%3A400%3Anormal\u00bb css=\u00bb.vc_custom_1529653722535{margin-bottom: 22px !important;}\u00bb][vc_column_text css=\u00bb.vc_custom_1528196930576{margin-bottom: 35px !important;}\u00bb]Nuestra planta ultramoderna, construida en 2007, ha sido dise\u00f1ada de acuerdo con los nuevos est\u00e1ndares de construcci\u00f3n y desarrollo relacionados con el medio ambiente y la ecolog\u00eda, integrando los principios del enfoque HQE (High Quality Environment).<br \/>\nEl 95% de las emisiones de CO2 provienen de la combusti\u00f3n de petr\u00f3leo, gas o gas\u00f3leo. En amd las unidades de producci\u00f3n operan exclusivamente con red el\u00e9ctrica, por tanto, limitamos significativamente nuestras emisiones de carbono.[\/vc_column_text][image_with_animation image_url=\u00bb541&#8243; image_size=\u00bbfull\u00bb animation_type=\u00bbentrance\u00bb animation=\u00bbFade In\u00bb animation_easing=\u00bbdefault\u00bb animation_movement_type=\u00bbtransform_y\u00bb hover_animation=\u00bbnone\u00bb alignment=\u00bbcenter\u00bb border_radius=\u00bbnone\u00bb box_shadow=\u00bbnone\u00bb image_loading=\u00bbdefault\u00bb max_width=\u00bb100%\u00bb max_width_mobile=\u00bbdefault\u00bb][vc_custom_heading text=\u00bbECO CONCEPTO: UN ENFOQUE ECOLOGICO DESDE LA CONCEPCI\u00d3N Y A LO LARGO DE TODO EL CICLO DE VIDA\u00bb font_container=\u00bbtag:h2|font_size:24|text_align:left|color:%237e9852|line_height:26px\u00bb google_fonts=\u00bbfont_family:Roboto%3A100%2C100italic%2C300%2C300italic%2Cregular%2Citalic%2C500%2C500italic%2C700%2C700italic%2C900%2C900italic|font_style:400%20regular%3A400%3Anormal\u00bb css=\u00bb.vc_custom_1526559131681{margin-top: 45px !important;margin-bottom: 22px !important;}\u00bb][vc_column_text]Todo el inter\u00e9s del enfoque de eco-dise\u00f1o es que aborda el problema ecol\u00f3gico de acuerdo con varios criterios, y esto desde la fase de dise\u00f1o, y durante todo su ciclo de vida.<br \/>\nNuestro laboratorio de Calidad y las normas ISO 9001 y 14001 establecen los principios de una reflexi\u00f3n de los criterios antes de cada creaci\u00f3n. La \u00faltima certificaci\u00f3n obtenida de IFS (International Food Est\u00e1ndar) ratifica las l\u00edneas de nuestro compromiso.[\/vc_column_text][vc_row_inner equal_height=\u00bbyes\u00bb column_margin=\u00bbdefault\u00bb column_direction=\u00bbdefault\u00bb column_direction_tablet=\u00bbdefault\u00bb column_direction_phone=\u00bbdefault\u00bb top_padding=\u00bb40&#8243; text_align=\u00bbleft\u00bb row_position=\u00bbdefault\u00bb row_position_tablet=\u00bbinherit\u00bb row_position_phone=\u00bbinherit\u00bb overflow=\u00bbvisible\u00bb pointer_events=\u00bball\u00bb][vc_column_inner column_padding=\u00bbpadding-2-percent\u00bb column_padding_tablet=\u00bbinherit\u00bb column_padding_phone=\u00bbinherit\u00bb column_padding_position=\u00bbtop-bottom\u00bb column_element_direction_desktop=\u00bbdefault\u00bb column_element_spacing=\u00bbdefault\u00bb centered_text=\u00bbtrue\u00bb desktop_text_alignment=\u00bbdefault\u00bb tablet_text_alignment=\u00bbdefault\u00bb phone_text_alignment=\u00bbdefault\u00bb background_color=\u00bb#ebefeb\u00bb background_color_opacity=\u00bb1&#8243; background_hover_color_opacity=\u00bb1&#8243; column_backdrop_filter=\u00bbnone\u00bb column_shadow=\u00bbnone\u00bb column_border_radius=\u00bbnone\u00bb column_link_target=\u00bb_self\u00bb overflow=\u00bbvisible\u00bb gradient_direction=\u00bbleft_to_right\u00bb overlay_strength=\u00bb0.3&#8243; width=\u00bb1\/2&#8243; tablet_width_inherit=\u00bbdefault\u00bb animation_type=\u00bbdefault\u00bb bg_image_animation=\u00bbnone\u00bb border_type=\u00bbsimple\u00bb column_border_width=\u00bbnone\u00bb column_border_style=\u00bbsolid\u00bb][image_with_animation image_url=\u00bb544&#8243; image_size=\u00bbfull\u00bb animation_type=\u00bbentrance\u00bb animation=\u00bbFade In\u00bb animation_easing=\u00bbdefault\u00bb animation_movement_type=\u00bbtransform_y\u00bb hover_animation=\u00bbnone\u00bb alignment=\u00bbcenter\u00bb border_radius=\u00bbnone\u00bb box_shadow=\u00bbnone\u00bb image_loading=\u00bbdefault\u00bb max_width=\u00bb100%\u00bb max_width_mobile=\u00bbdefault\u00bb][\/vc_column_inner][vc_column_inner column_padding=\u00bbpadding-4-percent\u00bb column_padding_tablet=\u00bbinherit\u00bb column_padding_phone=\u00bbinherit\u00bb column_padding_position=\u00bball\u00bb column_element_direction_desktop=\u00bbdefault\u00bb column_element_spacing=\u00bbdefault\u00bb centered_text=\u00bbtrue\u00bb desktop_text_alignment=\u00bbdefault\u00bb tablet_text_alignment=\u00bbdefault\u00bb phone_text_alignment=\u00bbdefault\u00bb background_color=\u00bb#ebefeb\u00bb background_color_opacity=\u00bb1&#8243; background_hover_color_opacity=\u00bb1&#8243; column_backdrop_filter=\u00bbnone\u00bb column_shadow=\u00bbnone\u00bb column_border_radius=\u00bbnone\u00bb column_link_target=\u00bb_self\u00bb overflow=\u00bbvisible\u00bb gradient_direction=\u00bbleft_to_right\u00bb overlay_strength=\u00bb0.3&#8243; width=\u00bb1\/2&#8243; tablet_width_inherit=\u00bbdefault\u00bb animation_type=\u00bbdefault\u00bb bg_image_animation=\u00bbnone\u00bb border_type=\u00bbsimple\u00bb column_border_width=\u00bbnone\u00bb column_border_style=\u00bbsolid\u00bb][vc_custom_heading text=\u00bbNORMA DE EXCELENCIA ISO 14001&#8243; font_container=\u00bbtag:div|font_size:14|text_align:center|line_height:18px\u00bb google_fonts=\u00bbfont_family:Roboto%3A100%2C100italic%2C300%2C300italic%2Cregular%2Citalic%2C500%2C500italic%2C700%2C700italic%2C900%2C900italic|font_style:500%20bold%20regular%3A500%3Anormal\u00bb][vc_column_text]\n<blockquote><p>Hemos creado un sistema de gesti\u00f3n ambiental respetando las normas ISO 9001 y 14001. Certificaciones avaladas en 2016.<\/p><\/blockquote>\n[\/vc_column_text][\/vc_column_inner][\/vc_row_inner][vc_custom_heading text=\u00bb1. FABRICACION: LA INNOVACION AL SERVICIO DEL MEDIO AMBIENTE\u00bb font_container=\u00bbtag:p|font_size:14|text_align:left|line_height:20px\u00bb google_fonts=\u00bbfont_family:Roboto%3A100%2C100italic%2C300%2C300italic%2Cregular%2Citalic%2C500%2C500italic%2C700%2C700italic%2C900%2C900italic|font_style:500%20bold%20regular%3A500%3Anormal\u00bb css=\u00bb.vc_custom_1526559193350{margin-top: 45px !important;}\u00bb][vc_column_text css=\u00bb.vc_custom_1528197116302{padding-left: 85px !important;}\u00bb]<b>Por primera vez en Europa: una f\u00e1brica sin residuos<\/b><br \/>\nEn 2018, AMD presentar\u00e1 por primera vez en Europa, en su f\u00e1brica espa\u00f1ola, la primera l\u00ednea de producci\u00f3n que no genera residuos en el dise\u00f1o de los productos, conservando las mismas cualidades intr\u00ednsecas.<\/p>\n<p><b>Embalajes compactos<\/b><br \/>\nEl estudio de los envases tambi\u00e9n es crucial y se realiza antes de la creaci\u00f3n de un nuevo producto, en l\u00ednea con las necesidades del mercado.<br \/>\nRecientemente, se han optimizado los vol\u00famenes de las cajas y las bolsas a trav\u00e9s de un moderno proceso de compactaci\u00f3n: un tercio menos de volumen genera una matriz de recortes y una disminuci\u00f3n de los flujos de transporte de los productos.[\/vc_column_text][vc_custom_heading text=\u00bb2. DISTRIBUCION OPTIMIZADA Y REGULADA A FAVOR DEL MEDIOAMBIENTE\u00bb font_container=\u00bbtag:p|font_size:14|text_align:left|line_height:20px\u00bb google_fonts=\u00bbfont_family:Roboto%3A100%2C100italic%2C300%2C300italic%2Cregular%2Citalic%2C500%2C500italic%2C700%2C700italic%2C900%2C900italic|font_style:500%20bold%20regular%3A500%3Anormal\u00bb css=\u00bb.vc_custom_1526559241698{margin-top: 45px !important;}\u00bb][vc_column_text css=\u00bb.vc_custom_1528197147895{padding-left: 85px !important;}\u00bb]Es el mayor desaf\u00edo! La distribuci\u00f3n de nuestros absorbentes se realiza en base a una preocupaci\u00f3n constante por el respeto al medio ambiente.<br \/>\nCon dos zonas log\u00edsticas diferenciadas para recepci\u00f3n y env\u00edo, nuestras plantas de producci\u00f3n est\u00e1n ubicadas cerca de los principales ejes mar\u00edtimos y viales lo que permite una radiaci\u00f3n europea.<br \/>\n<b>Implementaci\u00f3n de un programa diario de cargas de camiones para optimizar y regular las expediciones.<\/b>[\/vc_column_text][vc_custom_heading text=\u00bb3. USO: PRODUCTOS SIN L\u00c1TEX TESTADOS DERMATOL\u00d3GICAMENTE\u00bb font_container=\u00bbtag:p|font_size:14|text_align:left|line_height:20px\u00bb google_fonts=\u00bbfont_family:Roboto%3A100%2C100italic%2C300%2C300italic%2Cregular%2Citalic%2C500%2C500italic%2C700%2C700italic%2C900%2C900italic|font_style:500%20bold%20regular%3A500%3Anormal\u00bb css=\u00bb.vc_custom_1526559266459{margin-top: 45px !important;}\u00bb][vc_column_text css=\u00bb.vc_custom_1528197213342{padding-left: 85px !important;}\u00bb el_class=\u00bbsanslatex\u00bb]<div class=\"col span_10\" data-animation=\"\" data-delay=\"0\">Todos los absorbentes de AMD han obtenido la certificaci\u00f3n de \u201ctestado dermatol\u00f3gicamente\u201d.<br \/>\n<b>Sin l\u00e1tex, nuestros productos est\u00e1n fabricados con materiales no irritantes.<\/b><br \/>\nProporcionan toda la comodidad y bienestar a los usuarios.<\/div><div class=\"col span_2 col_last\" data-animation=\"\" data-delay=\"0\"><img loading=\"lazy\" decoding=\"async\" src=\"http:\/\/amd-incontinence.com\/wp-content\/uploads\/sites\/4\/2018\/03\/label-dermato.png\" alt=\"Testado dermatol\u00f3gicamente\" width=\"80\" height=\"80\" class=\"alignleft size-full wp-image-478\" \/><\/div><div class=\"clear\"><\/div>[\/vc_column_text][vc_custom_heading text=\u00bb4. FIN DE CICLO-CLASIFICACI\u00d3N Y RECICLAJE\u00bb font_container=\u00bbtag:p|font_size:14|text_align:left|line_height:20px\u00bb google_fonts=\u00bbfont_family:Roboto%3A100%2C100italic%2C300%2C300italic%2Cregular%2Citalic%2C500%2C500italic%2C700%2C700italic%2C900%2C900italic|font_style:500%20bold%20regular%3A500%3Anormal\u00bb][vc_column_text css=\u00bb.vc_custom_1526559433632{padding-left: 85px !important;}\u00bb]\n<p class=\"nomargeB\">Es igualmente importante pensar en los residuos despu\u00e9s de su uso, por lo que estamos estudiando constantemente formas de reducir, compactar y eliminar nuestros productos despu\u00e9s de su uso.<\/p>\n<ul class=\"li-tiret noretrait\">\n<li><b>Una gran parte de los residuos de nuestra planta de producci\u00f3n se recicla. <\/b><br \/>\nEsta gesti\u00f3n se efect\u00faa con varios contenedores claramente identificados con el fin de separar cada materia. El 100% de los residuos de los derivados de la pasta de papel se recicla por completo, los residuos de los derivados del petr\u00f3leo se transforman igualmente y se reutilizan para servir como carburante para el sistema de calefacci\u00f3n,<\/li>\n<li><b>Las bolsas AMD son reciclables y la compa\u00f1\u00eda es miembro de PUNTO VERDE desde 2013<\/b><\/li>\n<li><b>Favorecemos la elecci\u00f3n de materias primas renovables y reciclables:<\/b><br \/>\nLa fibra de poli\u00e9ster proviene del reciclaje de pl\u00e1stico, los envases de cart\u00f3n est\u00e1n compuestos en parte de fibras recicladas.<\/li>\n<\/ul>\n[\/vc_column_text][vc_row_inner column_margin=\u00bbdefault\u00bb column_direction=\u00bbdefault\u00bb column_direction_tablet=\u00bbdefault\u00bb column_direction_phone=\u00bbdefault\u00bb top_padding=\u00bb55&#8243; text_align=\u00bbleft\u00bb row_position=\u00bbdefault\u00bb row_position_tablet=\u00bbinherit\u00bb row_position_phone=\u00bbinherit\u00bb overflow=\u00bbvisible\u00bb pointer_events=\u00bball\u00bb][vc_column_inner column_padding=\u00bbno-extra-padding\u00bb column_padding_tablet=\u00bbinherit\u00bb column_padding_phone=\u00bbinherit\u00bb column_padding_position=\u00bball\u00bb column_element_direction_desktop=\u00bbdefault\u00bb column_element_spacing=\u00bbdefault\u00bb desktop_text_alignment=\u00bbdefault\u00bb tablet_text_alignment=\u00bbdefault\u00bb phone_text_alignment=\u00bbdefault\u00bb background_color_opacity=\u00bb1&#8243; background_hover_color_opacity=\u00bb1&#8243; column_backdrop_filter=\u00bbnone\u00bb column_shadow=\u00bbnone\u00bb column_border_radius=\u00bbnone\u00bb column_link_target=\u00bb_self\u00bb overflow=\u00bbvisible\u00bb gradient_direction=\u00bbleft_to_right\u00bb overlay_strength=\u00bb0.3&#8243; width=\u00bb1\/3&#8243; tablet_width_inherit=\u00bbdefault\u00bb animation_type=\u00bbdefault\u00bb bg_image_animation=\u00bbnone\u00bb border_type=\u00bbsimple\u00bb column_border_width=\u00bbnone\u00bb column_border_style=\u00bbsolid\u00bb][image_with_animation image_url=\u00bb569&#8243; image_size=\u00bbfull\u00bb animation_type=\u00bbentrance\u00bb animation=\u00bbFade In\u00bb animation_easing=\u00bbdefault\u00bb animation_movement_type=\u00bbtransform_y\u00bb hover_animation=\u00bbnone\u00bb alignment=\u00bbcenter\u00bb border_radius=\u00bbnone\u00bb box_shadow=\u00bbnone\u00bb image_loading=\u00bbdefault\u00bb max_width=\u00bb100%\u00bb max_width_mobile=\u00bbdefault\u00bb][\/vc_column_inner][vc_column_inner column_padding=\u00bbno-extra-padding\u00bb column_padding_tablet=\u00bbinherit\u00bb column_padding_phone=\u00bbinherit\u00bb column_padding_position=\u00bball\u00bb column_element_direction_desktop=\u00bbdefault\u00bb column_element_spacing=\u00bbdefault\u00bb desktop_text_alignment=\u00bbdefault\u00bb tablet_text_alignment=\u00bbdefault\u00bb phone_text_alignment=\u00bbdefault\u00bb background_color_opacity=\u00bb1&#8243; background_hover_color_opacity=\u00bb1&#8243; column_backdrop_filter=\u00bbnone\u00bb column_shadow=\u00bbnone\u00bb column_border_radius=\u00bbnone\u00bb column_link_target=\u00bb_self\u00bb overflow=\u00bbvisible\u00bb gradient_direction=\u00bbleft_to_right\u00bb overlay_strength=\u00bb0.3&#8243; width=\u00bb1\/3&#8243; tablet_width_inherit=\u00bbdefault\u00bb animation_type=\u00bbdefault\u00bb bg_image_animation=\u00bbnone\u00bb border_type=\u00bbsimple\u00bb column_border_width=\u00bbnone\u00bb column_border_style=\u00bbsolid\u00bb][image_with_animation image_url=\u00bb570&#8243; image_size=\u00bbfull\u00bb animation_type=\u00bbentrance\u00bb animation=\u00bbFade In\u00bb animation_easing=\u00bbdefault\u00bb animation_movement_type=\u00bbtransform_y\u00bb hover_animation=\u00bbnone\u00bb alignment=\u00bbcenter\u00bb border_radius=\u00bbnone\u00bb box_shadow=\u00bbnone\u00bb image_loading=\u00bbdefault\u00bb max_width=\u00bb100%\u00bb max_width_mobile=\u00bbdefault\u00bb][\/vc_column_inner][vc_column_inner column_padding=\u00bbno-extra-padding\u00bb column_padding_tablet=\u00bbinherit\u00bb column_padding_phone=\u00bbinherit\u00bb column_padding_position=\u00bball\u00bb column_element_direction_desktop=\u00bbdefault\u00bb column_element_spacing=\u00bbdefault\u00bb desktop_text_alignment=\u00bbdefault\u00bb tablet_text_alignment=\u00bbdefault\u00bb phone_text_alignment=\u00bbdefault\u00bb background_color_opacity=\u00bb1&#8243; background_hover_color_opacity=\u00bb1&#8243; column_backdrop_filter=\u00bbnone\u00bb column_shadow=\u00bbnone\u00bb column_border_radius=\u00bbnone\u00bb column_link_target=\u00bb_self\u00bb overflow=\u00bbvisible\u00bb gradient_direction=\u00bbleft_to_right\u00bb overlay_strength=\u00bb0.3&#8243; width=\u00bb1\/3&#8243; tablet_width_inherit=\u00bbdefault\u00bb animation_type=\u00bbdefault\u00bb bg_image_animation=\u00bbnone\u00bb border_type=\u00bbsimple\u00bb column_border_width=\u00bbnone\u00bb column_border_style=\u00bbsolid\u00bb][image_with_animation image_url=\u00bb571&#8243; image_size=\u00bbfull\u00bb animation_type=\u00bbentrance\u00bb animation=\u00bbFade In\u00bb animation_easing=\u00bbdefault\u00bb animation_movement_type=\u00bbtransform_y\u00bb hover_animation=\u00bbnone\u00bb alignment=\u00bbcenter\u00bb border_radius=\u00bbnone\u00bb box_shadow=\u00bbnone\u00bb image_loading=\u00bbdefault\u00bb max_width=\u00bb100%\u00bb max_width_mobile=\u00bbdefault\u00bb][\/vc_column_inner][\/vc_row_inner][vc_custom_heading text=\u00bbMARCADO PEFC &#8211; CERTIFICACI\u00d3N SOBRE CONSERVACI\u00d3N FORESTAL\u00bb font_container=\u00bbtag:h2|font_size:24|text_align:left|color:%237e9852|line_height:26px\u00bb google_fonts=\u00bbfont_family:Roboto%3A100%2C100italic%2C300%2C300italic%2Cregular%2Citalic%2C500%2C500italic%2C700%2C700italic%2C900%2C900italic|font_style:400%20regular%3A400%3Anormal\u00bb css=\u00bb.vc_custom_1528197282416{margin-top: 45px !important;margin-bottom: 22px !important;}\u00bb][vc_column_text css=\u00bb.vc_custom_1655451247113{margin-bottom: 35px !important;}\u00bb]Nuestra empresa obtiene en 2016 la certificaci\u00f3n PEFC\/10-31-3103<br \/>\nPEFC es el pionero en certificaci\u00f3n forestal en Francia, es el primer sistema de certificaci\u00f3n forestal en t\u00e9rminos de superficie y la primera fuente de madera certificada en el mundo.<\/p>\n<p class=\"nomargeB\"><b>PRINCIPALES COMPROMISOS<\/b><\/p>\n<ul class=\"li-tiret\">\n<li>Renovar los bosques teniendo en cuenta el conocimiento sobre el cambio clim\u00e1tico<\/li>\n<li>Conservaci\u00f3n de la fauna, la flora y el entorno forestal<\/li>\n<li>Protecci\u00f3n del suelo y el agua<\/li>\n<li>Conservaci\u00f3n de \u00e1rboles viejos o muertos para promover la bio diversidad<\/li>\n<li>Buscar el bienestar y el respeto por la poblaci\u00f3n<\/li>\n<\/ul>\n[\/vc_column_text][image_with_animation image_url=\u00bb580&#8243; image_size=\u00bbfull\u00bb animation_type=\u00bbentrance\u00bb animation=\u00bbFade In\u00bb animation_easing=\u00bbdefault\u00bb animation_movement_type=\u00bbtransform_y\u00bb hover_animation=\u00bbnone\u00bb alignment=\u00bbcenter\u00bb border_radius=\u00bbnone\u00bb box_shadow=\u00bbnone\u00bb image_loading=\u00bbdefault\u00bb max_width=\u00bb100%\u00bb max_width_mobile=\u00bbdefault\u00bb][vc_custom_heading text=\u00bbIFS: VERIFICAR EL COMPROMISO DE NUESTROS SOCIOS POR UN MEDIOAMBIENTE + \u00c9TICO\u00bb font_container=\u00bbtag:h2|font_size:24|text_align:left|color:%237e9852|line_height:26px\u00bb google_fonts=\u00bbfont_family:Roboto%3A100%2C100italic%2C300%2C300italic%2Cregular%2Citalic%2C500%2C500italic%2C700%2C700italic%2C900%2C900italic|font_style:400%20regular%3A400%3Anormal\u00bb css=\u00bb.vc_custom_1526559583355{margin-top: 45px !important;}\u00bb][vc_column_text css=\u00bb.vc_custom_1529653918093{margin-bottom: 55px !important;}\u00bb]Desde agosto de 2016, la planta de fabricaci\u00f3n de Rouvroy ha sido certificada seg\u00fan el est\u00e1ndar IFS. El International Food Standard (IFS) es un est\u00e1ndar de seguridad com\u00fan, con un sistema de evaluaci\u00f3n uniforme establecido para calificar y seleccionar proveedores. Permite a los minoristas garantizar la seguridad de sus productos y controlar el nivel de calidad de los proveedores a los que est\u00e1 adherida la marca del distribuidor.<br \/>\nEn AMD, la producci\u00f3n se basa en una asociaci\u00f3n vertebrada con nuestros proveedores y los suministradores de servicios. Es nuestra responsabilidad verificar que se respeten los criterios ambientales y econ\u00f3micos, a trav\u00e9s de certificaciones y etiquetas internacionales responsable.<br \/>\nNuestros proveedores los elegimos por la calidad de sus materias primas, la eficacia de su asociaci\u00f3n y su comprobado compromiso con los desaf\u00edos del desarrollo sostenible. Los criterios de costes entran solo despu\u00e9s de estos principios morales.<br \/>\nLa pasta de papel, principal materia prima natural de fabricaci\u00f3n, proviene de bosques renovables sujetos a un programa internacional responsable. Nuestro proveedor de pulpa dispone de la m\u00e1s alta certificaci\u00f3n IFS, lo que significa que el 100% de su producci\u00f3n proviene de bosques gestionados de forma sostenible. Adem\u00e1s, el transporte menos contaminante (certificado a demanda).[\/vc_column_text][vc_custom_heading text=\u00bbEL CAPITAL HUMANO EN EL CENTRO: UN NUEVO SOPLO A FAVOR DEL DESARROLLO ECON\u00d3MICO DE UNA REGI\u00d3N\u00bb font_container=\u00bbtag:h2|font_size:24|text_align:left|color:%237e9852|line_height:26px\u00bb google_fonts=\u00bbfont_family:Roboto%3A100%2C100italic%2C300%2C300italic%2Cregular%2Citalic%2C500%2C500italic%2C700%2C700italic%2C900%2C900italic|font_style:400%20regular%3A400%3Anormal\u00bb css=\u00bb.vc_custom_1526559622379{margin-top: 50px !important;margin-bottom: 22px !important;}\u00bb][vc_column_text css=\u00bb.vc_custom_1729163645047{margin-top: 35px !important;margin-bottom: 55px !important;}\u00bb text_direction=\u00bbdefault\u00bb]Nuestra ubicaci\u00f3n en una zona prioritaria, permite emplear mano de obra local. Se han creado m\u00e1s de 200 puestos de trabajo desde su creaci\u00f3n en 2006.<br \/>\nImplementamos pr\u00e1cticas sociales dirigidas al bienestar de nuestros empleados en t\u00e9rminos de gesti\u00f3n de recursos humanos, participaci\u00f3n, reconocimiento, salud y seguridad.<\/p>\n<p><span>En este sentido, en nuestro firme compromiso con la igualdad de g\u00e9nero y oportunidades entre mujeres y hombres ha sido aprobado el <a href=\"https:\/\/amd-incontinence.com\/espanol\/wp-content\/uploads\/sites\/4\/2024\/10\/I-Plan-de-Igualdad-Activ-Medical-Iberica-S-L.pdf\" target=\"_blank\" rel=\"noopener\">I Plan de Igualdad<\/a> de la divisi\u00f3n productiva de AMD en Espa\u00f1a,\u00a0 con vigencia de cuatro a\u00f1os. A este Plan se suma un Protocolo de prevenci\u00f3n y actuaci\u00f3n contra el acoso sexual y\/o por raz\u00f3n de sexo<\/span>[\/vc_column_text][vc_custom_heading text=\u00bbINFORME RSC AMD IBERICA\u00bb font_container=\u00bbtag:h2|font_size:24|text_align:left|color:%237e9852|line_height:26px\u00bb google_fonts=\u00bbfont_family:Roboto%3A100%2C100italic%2C300%2C300italic%2Cregular%2Citalic%2C500%2C500italic%2C700%2C700italic%2C900%2C900italic|font_style:400%20regular%3A400%3Anormal\u00bb css=\u00bb.vc_custom_1696857167906{margin-top: 50px !important;margin-bottom: 22px !important;}\u00bb][vc_column_text css=\u00bb\u00bb text_direction=\u00bbdefault\u00bb]<a href=\"https:\/\/amd-incontinence.com\/espanol\/wp-content\/uploads\/sites\/4\/2024\/10\/Memoria_Responsabilidad_Social_2023_AMD_Iberica.pdf\" target=\"_blank\" rel=\"noopener\">Memoria Responsabilidad Social 2023 AMD Iberica<\/a>[\/vc_column_text][\/vc_column][\/vc_row]\n","protected":false},"excerpt":{"rendered":"<p>[vc_row type=\u00bbin_container\u00bb full_screen_row_position=\u00bbmiddle\u00bb column_margin=\u00bbdefault\u00bb column_direction=\u00bbdefault\u00bb column_direction_tablet=\u00bbdefault\u00bb column_direction_phone=\u00bbdefault\u00bb scene_position=\u00bbcenter\u00bb text_color=\u00bbdark\u00bb text_align=\u00bbleft\u00bb row_border_radius=\u00bbnone\u00bb row_border_radius_applies=\u00bbbg\u00bb overflow=\u00bbvisible\u00bb class=\u00bbsliderrow\u00bb overlay_strength=\u00bb0.3&#8243; gradient_direction=\u00bbleft_to_right\u00bb shape_divider_position=\u00bbbottom\u00bb bg_image_animation=\u00bbnone\u00bb shape_type=\u00bb\u00bb][vc_column column_padding=\u00bbno-extra-padding\u00bb column_padding_tablet=\u00bbinherit\u00bb column_padding_phone=\u00bbinherit\u00bb column_padding_position=\u00bball\u00bb column_element_direction_desktop=\u00bbdefault\u00bb column_element_spacing=\u00bbdefault\u00bb desktop_text_alignment=\u00bbdefault\u00bb tablet_text_alignment=\u00bbdefault\u00bb phone_text_alignment=\u00bbdefault\u00bb background_color_opacity=\u00bb1&#8243; background_hover_color_opacity=\u00bb1&#8243;&#8230;<\/p>\n","protected":false},"author":1,"featured_media":0,"parent":41,"menu_order":0,"comment_status":"closed","ping_status":"closed","template":"","meta":{"footnotes":""},"class_list":["post-350","page","type-page","status-publish"],"yoast_head":"<!-- This site is optimized with the Yoast SEO plugin v27.3 - https:\/\/yoast.com\/product\/yoast-seo-wordpress\/ -->\n<title>Desarrollo sostenible - AMD - Activ Medical Disposable<\/title>\n<meta name=\"robots\" content=\"index, follow, max-snippet:-1, max-image-preview:large, max-video-preview:-1\" \/>\n<link rel=\"canonical\" href=\"https:\/\/amd-incontinence.com\/espanol\/amd\/desarrollo-sostenible\/\" \/>\n<meta property=\"og:locale\" content=\"es_ES\" \/>\n<meta property=\"og:type\" content=\"article\" \/>\n<meta property=\"og:title\" content=\"Desarrollo sostenible - AMD - Activ Medical Disposable\" \/>\n<meta property=\"og:description\" content=\"[vc_row type=\u00bbin_container\u00bb full_screen_row_position=\u00bbmiddle\u00bb column_margin=\u00bbdefault\u00bb column_direction=\u00bbdefault\u00bb column_direction_tablet=\u00bbdefault\u00bb column_direction_phone=\u00bbdefault\u00bb scene_position=\u00bbcenter\u00bb text_color=\u00bbdark\u00bb text_align=\u00bbleft\u00bb row_border_radius=\u00bbnone\u00bb row_border_radius_applies=\u00bbbg\u00bb overflow=\u00bbvisible\u00bb class=\u00bbsliderrow\u00bb overlay_strength=\u00bb0.3&#8243; gradient_direction=\u00bbleft_to_right\u00bb shape_divider_position=\u00bbbottom\u00bb bg_image_animation=\u00bbnone\u00bb shape_type=\u00bb\u00bb][vc_column column_padding=\u00bbno-extra-padding\u00bb column_padding_tablet=\u00bbinherit\u00bb column_padding_phone=\u00bbinherit\u00bb column_padding_position=\u00bball\u00bb column_element_direction_desktop=\u00bbdefault\u00bb column_element_spacing=\u00bbdefault\u00bb desktop_text_alignment=\u00bbdefault\u00bb tablet_text_alignment=\u00bbdefault\u00bb phone_text_alignment=\u00bbdefault\u00bb background_color_opacity=\u00bb1&#8243; background_hover_color_opacity=\u00bb1&#8243;...\" \/>\n<meta property=\"og:url\" content=\"https:\/\/amd-incontinence.com\/espanol\/amd\/desarrollo-sostenible\/\" \/>\n<meta property=\"og:site_name\" content=\"AMD - Activ Medical Disposable\" \/>\n<meta property=\"article:modified_time\" content=\"2024-10-17T11:14:08+00:00\" \/>\n<meta property=\"og:image\" content=\"http:\/\/amd-incontinence.com\/wp-content\/uploads\/sites\/4\/2018\/03\/label-dermato.png\" \/>\n<meta name=\"twitter:card\" content=\"summary_large_image\" \/>\n<meta name=\"twitter:label1\" content=\"Tiempo de lectura\" \/>\n\t<meta name=\"twitter:data1\" content=\"9 minutos\" \/>\n<script type=\"application\/ld+json\" class=\"yoast-schema-graph\">{\"@context\":\"https:\\\/\\\/schema.org\",\"@graph\":[{\"@type\":\"WebPage\",\"@id\":\"https:\\\/\\\/amd-incontinence.com\\\/espanol\\\/amd\\\/desarrollo-sostenible\\\/\",\"url\":\"https:\\\/\\\/amd-incontinence.com\\\/espanol\\\/amd\\\/desarrollo-sostenible\\\/\",\"name\":\"Desarrollo sostenible - AMD - Activ Medical Disposable\",\"isPartOf\":{\"@id\":\"https:\\\/\\\/amd-incontinence.com\\\/espanol\\\/#website\"},\"primaryImageOfPage\":{\"@id\":\"https:\\\/\\\/amd-incontinence.com\\\/espanol\\\/amd\\\/desarrollo-sostenible\\\/#primaryimage\"},\"image\":{\"@id\":\"https:\\\/\\\/amd-incontinence.com\\\/espanol\\\/amd\\\/desarrollo-sostenible\\\/#primaryimage\"},\"thumbnailUrl\":\"http:\\\/\\\/amd-incontinence.com\\\/wp-content\\\/uploads\\\/sites\\\/4\\\/2018\\\/03\\\/label-dermato.png\",\"datePublished\":\"2018-03-14T09:39:46+00:00\",\"dateModified\":\"2024-10-17T11:14:08+00:00\",\"breadcrumb\":{\"@id\":\"https:\\\/\\\/amd-incontinence.com\\\/espanol\\\/amd\\\/desarrollo-sostenible\\\/#breadcrumb\"},\"inLanguage\":\"es\",\"potentialAction\":[{\"@type\":\"ReadAction\",\"target\":[\"https:\\\/\\\/amd-incontinence.com\\\/espanol\\\/amd\\\/desarrollo-sostenible\\\/\"]}]},{\"@type\":\"ImageObject\",\"inLanguage\":\"es\",\"@id\":\"https:\\\/\\\/amd-incontinence.com\\\/espanol\\\/amd\\\/desarrollo-sostenible\\\/#primaryimage\",\"url\":\"http:\\\/\\\/amd-incontinence.com\\\/wp-content\\\/uploads\\\/sites\\\/4\\\/2018\\\/03\\\/label-dermato.png\",\"contentUrl\":\"http:\\\/\\\/amd-incontinence.com\\\/wp-content\\\/uploads\\\/sites\\\/4\\\/2018\\\/03\\\/label-dermato.png\"},{\"@type\":\"BreadcrumbList\",\"@id\":\"https:\\\/\\\/amd-incontinence.com\\\/espanol\\\/amd\\\/desarrollo-sostenible\\\/#breadcrumb\",\"itemListElement\":[{\"@type\":\"ListItem\",\"position\":1,\"name\":\"Accueil\",\"item\":\"https:\\\/\\\/amd-incontinence.com\\\/espanol\\\/\"},{\"@type\":\"ListItem\",\"position\":2,\"name\":\"Amd\",\"item\":\"https:\\\/\\\/amd-incontinence.com\\\/espanol\\\/amd\\\/\"},{\"@type\":\"ListItem\",\"position\":3,\"name\":\"Desarrollo sostenible\"}]},{\"@type\":\"WebSite\",\"@id\":\"https:\\\/\\\/amd-incontinence.com\\\/espanol\\\/#website\",\"url\":\"https:\\\/\\\/amd-incontinence.com\\\/espanol\\\/\",\"name\":\"AMD - Activ Medical Disposable\",\"description\":\"\",\"potentialAction\":[{\"@type\":\"SearchAction\",\"target\":{\"@type\":\"EntryPoint\",\"urlTemplate\":\"https:\\\/\\\/amd-incontinence.com\\\/espanol\\\/?s={search_term_string}\"},\"query-input\":{\"@type\":\"PropertyValueSpecification\",\"valueRequired\":true,\"valueName\":\"search_term_string\"}}],\"inLanguage\":\"es\"}]}<\/script>\n<!-- \/ Yoast SEO plugin. -->","yoast_head_json":{"title":"Desarrollo sostenible - AMD - Activ Medical Disposable","robots":{"index":"index","follow":"follow","max-snippet":"max-snippet:-1","max-image-preview":"max-image-preview:large","max-video-preview":"max-video-preview:-1"},"canonical":"https:\/\/amd-incontinence.com\/espanol\/amd\/desarrollo-sostenible\/","og_locale":"es_ES","og_type":"article","og_title":"Desarrollo sostenible - AMD - Activ Medical Disposable","og_description":"[vc_row type=\u00bbin_container\u00bb full_screen_row_position=\u00bbmiddle\u00bb column_margin=\u00bbdefault\u00bb column_direction=\u00bbdefault\u00bb column_direction_tablet=\u00bbdefault\u00bb column_direction_phone=\u00bbdefault\u00bb scene_position=\u00bbcenter\u00bb text_color=\u00bbdark\u00bb text_align=\u00bbleft\u00bb row_border_radius=\u00bbnone\u00bb row_border_radius_applies=\u00bbbg\u00bb overflow=\u00bbvisible\u00bb class=\u00bbsliderrow\u00bb overlay_strength=\u00bb0.3&#8243; gradient_direction=\u00bbleft_to_right\u00bb shape_divider_position=\u00bbbottom\u00bb bg_image_animation=\u00bbnone\u00bb shape_type=\u00bb\u00bb][vc_column column_padding=\u00bbno-extra-padding\u00bb column_padding_tablet=\u00bbinherit\u00bb column_padding_phone=\u00bbinherit\u00bb column_padding_position=\u00bball\u00bb column_element_direction_desktop=\u00bbdefault\u00bb column_element_spacing=\u00bbdefault\u00bb desktop_text_alignment=\u00bbdefault\u00bb tablet_text_alignment=\u00bbdefault\u00bb phone_text_alignment=\u00bbdefault\u00bb background_color_opacity=\u00bb1&#8243; background_hover_color_opacity=\u00bb1&#8243;...","og_url":"https:\/\/amd-incontinence.com\/espanol\/amd\/desarrollo-sostenible\/","og_site_name":"AMD - Activ Medical Disposable","article_modified_time":"2024-10-17T11:14:08+00:00","og_image":[{"url":"http:\/\/amd-incontinence.com\/wp-content\/uploads\/sites\/4\/2018\/03\/label-dermato.png","type":"","width":"","height":""}],"twitter_card":"summary_large_image","twitter_misc":{"Tiempo de lectura":"9 minutos"},"schema":{"@context":"https:\/\/schema.org","@graph":[{"@type":"WebPage","@id":"https:\/\/amd-incontinence.com\/espanol\/amd\/desarrollo-sostenible\/","url":"https:\/\/amd-incontinence.com\/espanol\/amd\/desarrollo-sostenible\/","name":"Desarrollo sostenible - AMD - Activ Medical Disposable","isPartOf":{"@id":"https:\/\/amd-incontinence.com\/espanol\/#website"},"primaryImageOfPage":{"@id":"https:\/\/amd-incontinence.com\/espanol\/amd\/desarrollo-sostenible\/#primaryimage"},"image":{"@id":"https:\/\/amd-incontinence.com\/espanol\/amd\/desarrollo-sostenible\/#primaryimage"},"thumbnailUrl":"http:\/\/amd-incontinence.com\/wp-content\/uploads\/sites\/4\/2018\/03\/label-dermato.png","datePublished":"2018-03-14T09:39:46+00:00","dateModified":"2024-10-17T11:14:08+00:00","breadcrumb":{"@id":"https:\/\/amd-incontinence.com\/espanol\/amd\/desarrollo-sostenible\/#breadcrumb"},"inLanguage":"es","potentialAction":[{"@type":"ReadAction","target":["https:\/\/amd-incontinence.com\/espanol\/amd\/desarrollo-sostenible\/"]}]},{"@type":"ImageObject","inLanguage":"es","@id":"https:\/\/amd-incontinence.com\/espanol\/amd\/desarrollo-sostenible\/#primaryimage","url":"http:\/\/amd-incontinence.com\/wp-content\/uploads\/sites\/4\/2018\/03\/label-dermato.png","contentUrl":"http:\/\/amd-incontinence.com\/wp-content\/uploads\/sites\/4\/2018\/03\/label-dermato.png"},{"@type":"BreadcrumbList","@id":"https:\/\/amd-incontinence.com\/espanol\/amd\/desarrollo-sostenible\/#breadcrumb","itemListElement":[{"@type":"ListItem","position":1,"name":"Accueil","item":"https:\/\/amd-incontinence.com\/espanol\/"},{"@type":"ListItem","position":2,"name":"Amd","item":"https:\/\/amd-incontinence.com\/espanol\/amd\/"},{"@type":"ListItem","position":3,"name":"Desarrollo sostenible"}]},{"@type":"WebSite","@id":"https:\/\/amd-incontinence.com\/espanol\/#website","url":"https:\/\/amd-incontinence.com\/espanol\/","name":"AMD - Activ Medical Disposable","description":"","potentialAction":[{"@type":"SearchAction","target":{"@type":"EntryPoint","urlTemplate":"https:\/\/amd-incontinence.com\/espanol\/?s={search_term_string}"},"query-input":{"@type":"PropertyValueSpecification","valueRequired":true,"valueName":"search_term_string"}}],"inLanguage":"es"}]}},"_links":{"self":[{"href":"https:\/\/amd-incontinence.com\/espanol\/wp-json\/wp\/v2\/pages\/350","targetHints":{"allow":["GET"]}}],"collection":[{"href":"https:\/\/amd-incontinence.com\/espanol\/wp-json\/wp\/v2\/pages"}],"about":[{"href":"https:\/\/amd-incontinence.com\/espanol\/wp-json\/wp\/v2\/types\/page"}],"author":[{"embeddable":true,"href":"https:\/\/amd-incontinence.com\/espanol\/wp-json\/wp\/v2\/users\/1"}],"replies":[{"embeddable":true,"href":"https:\/\/amd-incontinence.com\/espanol\/wp-json\/wp\/v2\/comments?post=350"}],"version-history":[{"count":8,"href":"https:\/\/amd-incontinence.com\/espanol\/wp-json\/wp\/v2\/pages\/350\/revisions"}],"predecessor-version":[{"id":1361,"href":"https:\/\/amd-incontinence.com\/espanol\/wp-json\/wp\/v2\/pages\/350\/revisions\/1361"}],"up":[{"embeddable":true,"href":"https:\/\/amd-incontinence.com\/espanol\/wp-json\/wp\/v2\/pages\/41"}],"wp:attachment":[{"href":"https:\/\/amd-incontinence.com\/espanol\/wp-json\/wp\/v2\/media?parent=350"}],"curies":[{"name":"wp","href":"https:\/\/api.w.org\/{rel}","templated":true}]}}